{"id":9915,"date":"2021-01-07T10:36:02","date_gmt":"2021-01-07T10:36:02","guid":{"rendered":"https:\/\/www.overit.ai\/it\/?page_id=9915"},"modified":"2025-12-12T10:43:24","modified_gmt":"2025-12-12T10:43:24","slug":"privacy-policy","status":"publish","type":"page","link":"https:\/\/www.overit.ai\/es\/privacy-policy\/","title":{"rendered":"Pol\u00edtica de privacidad"},"content":{"rendered":"<div\n  class=\"overit-block overit-block--white overit-radius-full overit-no-margin overit-padding-medium \n  overit-block-post-content\"\n        >\n  \n  <div class=\"overit-block-wrapper\">\n\n<div class=\"overit-post-content\">\n      <h1>Polit\u00ecca de privacidad de acuerdo con el Reg. 679\/2016 Reglamento General de Protecci\u00f3n de Datos &#8211; &#8220;GDPR<\/h1>\n<section class=\"section margin_t_60\">\n<div class=\"row vc_row-fluid\">\n<div class=\"wpb_column col-md-12 have-padding\">\n<div class=\"align-center\">\n<h3 class=\"margin_b_0 bold\">Introducci\u00f3n<\/h3>\n<\/div>\n<div class=\"section-text text-block custom-font-text-1590759440-875479332 align-left\" data-when=\"enter\" data-from=\"0\" data-to=\"0\" data-opacity=\"0\">\n<p>En cumplimiento del Reg. UE 679\/2016, OverIT S.p.A. le informa sobre las modalidades de recogida, tratamiento y almacenamiento de los datos personales recogidos a trav\u00e9s del sitio web con la intenci\u00f3n de que conozca plenamente sus derechos y c\u00f3mo ejercerlos f\u00e1cilmente, con el fin de respetar los principios de licitud, equidad y transparencia del tratamiento.<\/p>\n<\/div>\n<\/div>\n<\/div>\n<\/section>\n<section class=\"section margin_t_40\">\n<div class=\"row vc_row-fluid\">\n<div class=\"wpb_column col-md-12 have-padding\">\n<div class=\"section-text text-block custom-font-text-1590759440-474892908 align-left\" data-when=\"enter\" data-from=\"0\" data-to=\"0\" data-opacity=\"0\">\n<h3><strong>Responsable del tratamiento de datos<\/strong><\/h3>\n<p>OverIT S.p.A., sociedad de derecho italiano, con domicilio social en Via Ugo Bassi n. 81, 33080 &#8211; Fiume Veneto (PN), P.IVA 01391460936<\/p>\n<p>Responsable de la Protecci\u00f3n de Datos: Abg. Gianluca Rubinato &#8211; dpo@rbb-legal.it<\/p>\n<p>Direcci\u00f3n de correo electr\u00f3nico del responsable: privacy@overit.ai<\/p>\n<h3><strong>Tipos de Datos objecto de tratamiento<\/strong><\/h3>\n<p>La navegaci\u00f3n por el sitio web del Responsable del tratamiento implica el tratamiento de datos personales que pueden consistir en un identificador como un nombre, un c\u00f3digo o n\u00famero de identificaci\u00f3n, un identificador en l\u00ednea que puede hacer que el interesado sea identificado o identificable (en adelante, &#8220;<strong>datos personales<\/strong>&#8220;).<\/p>\n<p style=\"font-weight: 800\">1. Datos de navegaci\u00f3n<\/p>\n<p>Los sistemas informativos y los procedimientos de software utilizados para el funcionamiento de este sitio adquieren, durante su operaci\u00f3n ordinaria, ciertos datos personales cuya transmisi\u00f3n est\u00e1 impl\u00edcita en el uso de los protocolos de comunicaci\u00f3n de Internet.<\/p>\n<p>Esta categor\u00eda de datos incluye, entre otros, las direcciones IP o los nombres de dominio de los ordenadores utilizados por los usuarios, las direcciones URI\/URL (Uniform Resource Identifier\/Locator) de los recursos solicitados, la hora de la solicitud, el m\u00e9todo utilizado para enviar la solicitud al servidor, el origen o el <em>referente<\/em> del usuario y otros par\u00e1metros relativos al sistema operativo y al entorno inform\u00e1tico del usuario.<\/p>\n<p>La utilizaci\u00f3n de Cookies -u otras herramientas de seguimiento- por parte de este Sitio Web o de los responsables de los servicios de terceros utilizados por este Sitio Web, siempre y cuando no se especifique lo contrario, tiene como finalidad la prestaci\u00f3n del Servicio solicitado por el Usuario.<\/p>\n<p>Para m\u00e1s detalles, consulte nuestra Pol\u00edtica de Cookies.<\/p>\n<p style=\"font-weight: 800\">2. Datos comunicados voluntariamente por el interesado<\/p>\n<p>Al rellenar los formularios para solicitar informaci\u00f3n sobre nuestros productos y servicios, o para solicitar una demostraci\u00f3n del producto, se recoger\u00e1n los datos siguientes: nombre, apellidos, nombre de la empresa, direcci\u00f3n de correo electr\u00f3nico, n\u00famero de tel\u00e9fono, sector de actividad, pa\u00eds.<\/p>\n<p>El Usuario se hace responsable de los Datos Personales de terceros que se obtengan, publiquen o compartan a trav\u00e9s de este Sitio Web y garantiza que tiene derecho a comunicarlos o difundirlos, liberando al Responsable de cualquier responsabilidad frente a terceros.<\/p>\n<h3><strong>Resumen de las actividades de tratamiento<\/strong><\/h3>\n<table>\n<tbody>\n<tr>\n<td width=\"25\"><\/td>\n<td width=\"202\"><strong>Finalidad<\/strong><\/td>\n<td width=\"197\"><strong>Base Jur\u00eddica<\/strong><\/td>\n<td width=\"218\"><strong>Obligatoriedad<\/strong><\/td>\n<\/tr>\n<tr>\n<td width=\"25\">1<\/td>\n<td width=\"202\">Navegaci\u00f3n por el sitio<\/td>\n<td width=\"197\">Tratamiento basado en el consentimiento del interesado<\/td>\n<td width=\"218\">El consentimiento es un requisito previo para el uso del sitio web<\/td>\n<\/tr>\n<tr>\n<td width=\"25\">2<\/td>\n<td width=\"202\">Env\u00edo de comunicaciones promocionales o de mercadotecnia, incluyendo boletines, por medios automatizados (correo electr\u00f3nico)<\/td>\n<td width=\"197\">Tratamiento basado en el consentimiento del interesado<\/td>\n<td width=\"218\">El tratamiento de datos personales para este fin es opcional. No se van a producir consecuencias en caso de rechazo<\/td>\n<\/tr>\n<tr>\n<td width=\"25\">3<\/td>\n<td width=\"202\">Solicitud de informaci\u00f3n a trav\u00e9s del formulario de contacto<\/td>\n<td width=\"197\">Tratamiento necesario para la ejecuci\u00f3n de un contrato o de medidas precontractuales<\/td>\n<td width=\"218\">El tratamiento de datos personales es un requisito necesario para que el Responsable pueda responder a la solicitud. En caso de rechazo, el Responsable no podr\u00e1 proceder a ninguna solicitud de contacto o demostraci\u00f3n<\/td>\n<\/tr>\n<\/tbody>\n<\/table>\n<p>&nbsp;<\/p>\n<h3><strong>Finalidad y Base Jur\u00eddica del Tratamiento de los Datos<\/strong><\/h3>\n<p style=\"font-weight: 800\">1. Navegaci\u00f3n por el Sitio<\/p>\n<p>Algunos de los datos recogidos durante la navegaci\u00f3n del sitio web del Responsable son necesarios para la utilizaci\u00f3n del Sitio. La base jur\u00eddica en la que se basa el tratamiento es el consentimiento del interesado.<\/p>\n<p>El Responsable tambi\u00e9n procesa los datos objeto del tratamiento con el fin de:<\/p>\n<ul>\n<li>obtener informaci\u00f3n estad\u00edstica sobre el uso de los servicios (p\u00e1ginas m\u00e1s visitadas, n\u00famero de visitantes por franja horaria o por d\u00eda, zonas geogr\u00e1ficas de procedencia, etc.);<\/li>\n<li>comprobar el correcto funcionamiento de los servicios ofrecidos.<\/li>\n<\/ul>\n<p>La base jur\u00eddica para el tratamiento es el consentimiento del interesado.<\/p>\n<p style=\"font-weight: 800\">2. Env\u00edo de comunicaciones de mercadotecnia y estad\u00edsticas<\/p>\n<p>El Responsable podr\u00e1 utilizar la direcci\u00f3n de correo electr\u00f3nico indicada en los formularios de contacto para el env\u00edo de material publicitario, la comunicaci\u00f3n de informaci\u00f3n comercial sobre nuevos productos o servicios, la promoci\u00f3n de eventos e iniciativas organizadas por la Empresa u otras sociedades del grupo, nuestros proveedores o clientes, socios o terceros.<\/p>\n<p>La base jur\u00eddica para el tratamiento es el consentimiento del interesado.<\/p>\n<p>Si, en cualquier caso, el interesado deseara oponerse al tratamiento de sus datos con fines de mercadotecnia que se realiza por los medios aqu\u00ed indicados, as\u00ed como revocar el consentimiento otorgado, podr\u00e1 hacerlo en cualquier momento sin afectar la licitud del tratamiento realizado con anterioridad a la revocaci\u00f3n.<\/p>\n<p style=\"font-weight: 800\">3. Recopilaci\u00f3n de formularios para la solicitud de informaci\u00f3n<\/p>\n<p>Al rellenar un formulario para solicitar informaci\u00f3n sobre nuestros productos y servicios, o para solicitar una demostraci\u00f3n del producto, los datos proporcionados (por ejemplo, nombre de la empresa, correo electr\u00f3nico, tel\u00e9fono, n\u00famero de IVA) se procesar\u00e1n para responder a la solicitud.<\/p>\n<p>En este caso, el tratamiento ser\u00e1 necesario para la ejecuci\u00f3n de un contrato o para la aplicaci\u00f3n de las medidas precontractuales adoptadas a petici\u00f3n del interesado. La omisi\u00f3n de los datos personales imposibilita al Responsable el seguimiento de las solicitudes de contacto.<\/p>\n<h3><strong>Modalidades de tratamiento y transferencia de datos<\/strong><\/h3>\n<p style=\"font-weight: 800\">Modalidades de tratamiento<\/p>\n<p>Los datos recogidos ser\u00e1n procesados por personas autorizadas por el Responsable seg\u00fan su rol en la empresa, en papel y\/o soporte magn\u00e9tico, electr\u00f3nico, telem\u00e1tico y en todo caso por medio de instrumentos que garanticen la seguridad y confidencialidad de los datos procesados.<\/p>\n<p>El tratamiento de sus datos tendr\u00e1 lugar principalmente en las instalaciones de nuestra empresa, aunque tambi\u00e9n se podr\u00e1n utilizar plataformas de mercadotecnia por correo electr\u00f3nico de terceros.<\/p>\n<p>En cualquier caso, el Responsable ha implementado las medidas m\u00e1s adecuadas para que sus proveedores de servicios garanticen el pleno cumplimiento de las normas de seguridad exigidas por el \u201cRGPD\u201d.<\/p>\n<p style=\"font-weight: 800\">Destinatarios<\/p>\n<p>Los datos personales recogidos a trav\u00e9s del sitio web del Responsable se podr\u00e1n compartir con:<\/p>\n<ul>\n<li>Personas f\u00edsicas autorizadas para tratar los datos en virtud de sus funciones laborales (por ejemplo, empleados y administradores de sistemas).<\/li>\n<li>Proveedores de servicios que act\u00faan como Encargados del tratamiento de datos por instrucciones del Responsable.<\/li>\n<li>Socios comerciales que act\u00faan como corresponsables del tratamiento, es decir, Responsables independientes.<\/li>\n<li>Sujetos, organismos o autoridades p\u00fablicas a los que la transferencia es obligatoria en virtud de disposiciones legales u \u00f3rdenes de la autoridad.<\/li>\n<\/ul>\n<p>Los datos se podr\u00e1n incluso acceder por parte de las filiales y sucursales de OverIT para los mismos fines mencionados anteriormente, as\u00ed como para fines administrativos y contables de acuerdo con el art\u00edculo 6 y los considerandos 47 y 48 del RGPD.<\/p>\n<p>La lista completa y actualizada de los destinatarios de los datos puede solicitarse al Responsable a la direcci\u00f3n antes mencionada.<\/p>\n<p style=\"font-weight: 800\">Transferencia de los datos fuera de la UE<\/p>\n<p>OverIT informa de que cualquier transferencia de datos personales a un tercer pa\u00eds o una organizaci\u00f3n internacional se basar\u00e1:<\/p>\n<ul>\n<li>en una decisi\u00f3n de adecuaci\u00f3n por parte de la Comisi\u00f3n;<\/li>\n<li>en las cl\u00e1usulas contractuales est\u00e1ndar para la transferencia de datos a terceros pa\u00edses aprobadas por la Comisi\u00f3n mediante la Decisi\u00f3n de Ejecuci\u00f3n (UE) 2021\/914 de 4 de junio de 2021.<\/li>\n<\/ul>\n<h3><strong>Plazo de retenci\u00f3n<\/strong><\/h3>\n<p>El Responsable pretende conservar los Datos Personales durante no m\u00e1s tiempo del necesario para los fines para los que fueron recogidos y tratados. Esto no afectar\u00e1 a la necesidad de conservar dichos datos para comprobar, ejercer o defender un derecho ante los tribunales. Posteriormente, los datos se eliminar\u00e1n de forma permanente o se anonimizar\u00e1n.<\/p>\n<p>Los datos de navegaci\u00f3n no se conservar\u00e1n m\u00e1s de 1 a\u00f1o.<\/p>\n<p>Los datos recogidos a trav\u00e9s de los formularios de contacto se almacenar\u00e1n durante el tiempo necesario para responder a las solicitudes de los interesados.<\/p>\n<h3><strong>Derechos de los interesados<\/strong><\/h3>\n<p>Le informamos de que en cualquier momento usted podr\u00e1:<\/p>\n<ul>\n<li>acceder a sus datos para obtener informaci\u00f3n sobre el tratamiento (art. 15);<\/li>\n<li>rectificar los datos inexactos o solicitar la integraci\u00f3n de los datos incompletos (art. 16);<\/li>\n<li>suprimir los datos personales que le conciernen (art. 17);<\/li>\n<li>limitar el uso de los datos en los casos mencionados en el art\u00edculo 18;<\/li>\n<li>solicitar que se presente un documento, tambi\u00e9n en formato digital, que incluya sus datos a efectos de portabilidad (art. 20);<\/li>\n<li>retirar su consentimiento al tratamiento espec\u00edfico en cualquier momento. Dicha revocaci\u00f3n no afectar\u00e1 a la licitud del tratamiento realizado sobre la base del consentimiento previo a su retirada;<\/li>\n<li>presentar una denuncia ante las autoridades de control competentes.<\/li>\n<\/ul>\n<p>En cuanto al derecho de oposici\u00f3n, le informamos de que tiene derecho a oponerse al uso de sus datos personales en los casos contemplados en el art\u00edculo 21, y en particular:<\/p>\n<ul>\n<li>usted podr\u00e1 oponerse en cualquier momento, por motivos relacionados con su situaci\u00f3n particular, a que datos personales que le conciernan sean objeto de un tratamiento basado en lo dispuesto en el art\u00edculo 6, apartado 1, letras e) o f), del RGPD. En este caso, el Responsable dejar\u00e1 de tratar los datos personales, salvo que acredite motivos leg\u00edtimos imperiosos para el tratamiento que prevalezcan sobre los intereses, los derechos y las libertades del interesado o para la formulaci\u00f3n, el ejercicio o la defensa de reclamaciones judiciales;<\/li>\n<li>si est\u00e1 destinado a actividades de mercadotecnia, usted podr\u00e1 oponerse en cualquier momento al tratamiento de los datos personales que le conciernan, incluida la elaboraci\u00f3n de perfiles en la medida en que est\u00e9 relacionada con la citada mercadot\u00e9cnica.<\/li>\n<\/ul>\n<p>Por lo que respecta a los procesos de toma de decisiones individuales automatizadas, usted tiene derecho a no ser objeto de una decisi\u00f3n basada exclusivamente en el tratamiento automatizado, incluida la elaboraci\u00f3n de perfiles, que le produzca efectos jur\u00eddicos.<\/p>\n<p>Esta pol\u00edtica de privacidad es una traducci\u00f3n. En caso de divergencia, prevalecer\u00e1 la versi\u00f3n en lengua italiana.<\/p>\n<\/div>\n<\/div>\n<\/div>\n<\/section>\n\n  <\/div>\n\n<\/div><!-- .overit-block-wrapper -->\n<\/div><!-- .overit-block -->\n\n\n<div\n  class=\"overit-block overit-block--white overit-radius-full overit-no-margin overit-padding-medium \n  overit-block-post-content\"\n        >\n  \n  <div class=\"overit-block-wrapper\">\n\n<div class=\"overit-post-content\">\n      <h2 id=\"data_processing_detailed_info\">Detalles sobre el tratamiento de Datos Personales<\/h2>\n<p>Los Datos Personales se recopilan con los siguientes prop\u00f3sitos y utilizando los siguientes servicios:<\/p>\n\n  <\/div>\n\n<\/div><!-- .overit-block-wrapper -->\n<\/div><!-- .overit-block -->\n\n\n<div\n  class=\"overit-block overit-block--white overit-radius-full overit-no-margin overit-padding-medium \n  overit-block-iubenda\"\n        >\n  \n  <div class=\"overit-block-wrapper\">\n\n<div class=\"iubenda-content\" data-iubenda-entry=\"https:\/\/www.iubenda.com\/api\/privacy-policy\/65991970\/section\/data-processing-detailed-info\/no-markup\"><\/div>\n\n<\/div><!-- .overit-block-wrapper -->\n<\/div><!-- .overit-block -->\n","protected":false},"excerpt":{"rendered":"","protected":false},"author":3,"featured_media":0,"parent":0,"menu_order":0,"comment_status":"closed","ping_status":"open","template":"","meta":{"_acf_changed":false,"footnotes":""},"case_study_category":[],"class_list":["post-9915","page","type-page","status-publish","hentry"],"acf":[],"yoast_head":"<!-- This site is optimized with the Yoast SEO Premium plugin v25.6 (Yoast SEO v25.6) - https:\/\/yoast.com\/wordpress\/plugins\/seo\/ -->\n<title>Pol\u00edtica de privacidad de OverIT, leer con atenci\u00f3n<\/title>\n<meta name=\"description\" content=\"Overit.it recoge algunos Datos Personales de sus Usuarios. El presente documento puede imprimirse como referencia de Politica de privacidad\" \/>\n<meta name=\"robots\" content=\"index, follow, max-snippet:-1, max-image-preview:large, max-video-preview:-1\" \/>\n<link rel=\"canonical\" href=\"https:\/\/www.overit.ai\/es\/privacy-policy\/\" \/>\n<meta property=\"og:locale\" content=\"es_ES\" \/>\n<meta property=\"og:type\" content=\"article\" \/>\n<meta property=\"og:title\" content=\"Pol\u00edtica de privacidad\" \/>\n<meta property=\"og:description\" content=\"Overit.it recoge algunos Datos Personales de sus Usuarios. El presente documento puede imprimirse como referencia de Politica de privacidad\" \/>\n<meta property=\"og:url\" content=\"https:\/\/www.overit.ai\/es\/privacy-policy\/\" \/>\n<meta property=\"og:site_name\" content=\"OverIT\" \/>\n<meta property=\"article:modified_time\" content=\"2025-12-12T10:43:24+00:00\" \/>\n<meta name=\"twitter:card\" content=\"summary_large_image\" \/>\n<meta name=\"twitter:label1\" content=\"Est. reading time\" \/>\n\t<meta name=\"twitter:data1\" content=\"9 minutes\" \/>\n<script type=\"application\/ld+json\" class=\"yoast-schema-graph\">{\"@context\":\"https:\/\/schema.org\",\"@graph\":[{\"@type\":\"WebPage\",\"@id\":\"https:\/\/www.overit.ai\/es\/privacy-policy\/\",\"url\":\"https:\/\/www.overit.ai\/es\/privacy-policy\/\",\"name\":\"Pol\u00edtica de privacidad de OverIT, leer con atenci\u00f3n\",\"isPartOf\":{\"@id\":\"https:\/\/www.overit.ai\/es\/#website\"},\"datePublished\":\"2021-01-07T10:36:02+00:00\",\"dateModified\":\"2025-12-12T10:43:24+00:00\",\"description\":\"Overit.it recoge algunos Datos Personales de sus Usuarios. El presente documento puede imprimirse como referencia de Politica de privacidad\",\"breadcrumb\":{\"@id\":\"https:\/\/www.overit.ai\/es\/privacy-policy\/#breadcrumb\"},\"inLanguage\":\"es-ES\",\"potentialAction\":[{\"@type\":\"ReadAction\",\"target\":[\"https:\/\/www.overit.ai\/es\/privacy-policy\/\"]}]},{\"@type\":\"BreadcrumbList\",\"@id\":\"https:\/\/www.overit.ai\/es\/privacy-policy\/#breadcrumb\",\"itemListElement\":[{\"@type\":\"ListItem\",\"position\":1,\"name\":\"Home\",\"item\":\"https:\/\/www.overit.ai\/es\/\"},{\"@type\":\"ListItem\",\"position\":2,\"name\":\"Pol\u00edtica de privacidad\"}]},{\"@type\":\"WebSite\",\"@id\":\"https:\/\/www.overit.ai\/es\/#website\",\"url\":\"https:\/\/www.overit.ai\/es\/\",\"name\":\"OverIT\",\"description\":\"Innovation in Field Service Management\",\"publisher\":{\"@id\":\"https:\/\/www.overit.ai\/es\/#organization\"},\"potentialAction\":[{\"@type\":\"SearchAction\",\"target\":{\"@type\":\"EntryPoint\",\"urlTemplate\":\"https:\/\/www.overit.ai\/es\/?s={search_term_string}\"},\"query-input\":{\"@type\":\"PropertyValueSpecification\",\"valueRequired\":true,\"valueName\":\"search_term_string\"}}],\"inLanguage\":\"es-ES\"},{\"@type\":\"Organization\",\"@id\":\"https:\/\/www.overit.ai\/es\/#organization\",\"name\":\"OverIT\",\"url\":\"https:\/\/www.overit.ai\/es\/\",\"logo\":{\"@type\":\"ImageObject\",\"inLanguage\":\"es-ES\",\"@id\":\"https:\/\/www.overit.ai\/es\/#\/schema\/logo\/image\/\",\"url\":\"https:\/\/www.overit.ai\/app\/uploads\/2021\/10\/OverIT-logo-400.png\",\"contentUrl\":\"https:\/\/www.overit.ai\/app\/uploads\/2021\/10\/OverIT-logo-400.png\",\"width\":400,\"height\":250,\"caption\":\"OverIT\"},\"image\":{\"@id\":\"https:\/\/www.overit.ai\/es\/#\/schema\/logo\/image\/\"}}]}<\/script>\n<!-- \/ Yoast SEO Premium plugin. -->","yoast_head_json":{"title":"Pol\u00edtica de privacidad de OverIT, leer con atenci\u00f3n","description":"Overit.it recoge algunos Datos Personales de sus Usuarios. El presente documento puede imprimirse como referencia de Politica de privacidad","robots":{"index":"index","follow":"follow","max-snippet":"max-snippet:-1","max-image-preview":"max-image-preview:large","max-video-preview":"max-video-preview:-1"},"canonical":"https:\/\/www.overit.ai\/es\/privacy-policy\/","og_locale":"es_ES","og_type":"article","og_title":"Pol\u00edtica de privacidad","og_description":"Overit.it recoge algunos Datos Personales de sus Usuarios. El presente documento puede imprimirse como referencia de Politica de privacidad","og_url":"https:\/\/www.overit.ai\/es\/privacy-policy\/","og_site_name":"OverIT","article_modified_time":"2025-12-12T10:43:24+00:00","twitter_card":"summary_large_image","twitter_misc":{"Est. reading time":"9 minutes"},"schema":{"@context":"https:\/\/schema.org","@graph":[{"@type":"WebPage","@id":"https:\/\/www.overit.ai\/es\/privacy-policy\/","url":"https:\/\/www.overit.ai\/es\/privacy-policy\/","name":"Pol\u00edtica de privacidad de OverIT, leer con atenci\u00f3n","isPartOf":{"@id":"https:\/\/www.overit.ai\/es\/#website"},"datePublished":"2021-01-07T10:36:02+00:00","dateModified":"2025-12-12T10:43:24+00:00","description":"Overit.it recoge algunos Datos Personales de sus Usuarios. El presente documento puede imprimirse como referencia de Politica de privacidad","breadcrumb":{"@id":"https:\/\/www.overit.ai\/es\/privacy-policy\/#breadcrumb"},"inLanguage":"es-ES","potentialAction":[{"@type":"ReadAction","target":["https:\/\/www.overit.ai\/es\/privacy-policy\/"]}]},{"@type":"BreadcrumbList","@id":"https:\/\/www.overit.ai\/es\/privacy-policy\/#breadcrumb","itemListElement":[{"@type":"ListItem","position":1,"name":"Home","item":"https:\/\/www.overit.ai\/es\/"},{"@type":"ListItem","position":2,"name":"Pol\u00edtica de privacidad"}]},{"@type":"WebSite","@id":"https:\/\/www.overit.ai\/es\/#website","url":"https:\/\/www.overit.ai\/es\/","name":"OverIT","description":"Innovation in Field Service Management","publisher":{"@id":"https:\/\/www.overit.ai\/es\/#organization"},"potentialAction":[{"@type":"SearchAction","target":{"@type":"EntryPoint","urlTemplate":"https:\/\/www.overit.ai\/es\/?s={search_term_string}"},"query-input":{"@type":"PropertyValueSpecification","valueRequired":true,"valueName":"search_term_string"}}],"inLanguage":"es-ES"},{"@type":"Organization","@id":"https:\/\/www.overit.ai\/es\/#organization","name":"OverIT","url":"https:\/\/www.overit.ai\/es\/","logo":{"@type":"ImageObject","inLanguage":"es-ES","@id":"https:\/\/www.overit.ai\/es\/#\/schema\/logo\/image\/","url":"https:\/\/www.overit.ai\/app\/uploads\/2021\/10\/OverIT-logo-400.png","contentUrl":"https:\/\/www.overit.ai\/app\/uploads\/2021\/10\/OverIT-logo-400.png","width":400,"height":250,"caption":"OverIT"},"image":{"@id":"https:\/\/www.overit.ai\/es\/#\/schema\/logo\/image\/"}}]}},"_links":{"self":[{"href":"https:\/\/www.overit.ai\/es\/wp-json\/wp\/v2\/pages\/9915","targetHints":{"allow":["GET"]}}],"collection":[{"href":"https:\/\/www.overit.ai\/es\/wp-json\/wp\/v2\/pages"}],"about":[{"href":"https:\/\/www.overit.ai\/es\/wp-json\/wp\/v2\/types\/page"}],"author":[{"embeddable":true,"href":"https:\/\/www.overit.ai\/es\/wp-json\/wp\/v2\/users\/3"}],"replies":[{"embeddable":true,"href":"https:\/\/www.overit.ai\/es\/wp-json\/wp\/v2\/comments?post=9915"}],"version-history":[{"count":18,"href":"https:\/\/www.overit.ai\/es\/wp-json\/wp\/v2\/pages\/9915\/revisions"}],"predecessor-version":[{"id":56751,"href":"https:\/\/www.overit.ai\/es\/wp-json\/wp\/v2\/pages\/9915\/revisions\/56751"}],"wp:attachment":[{"href":"https:\/\/www.overit.ai\/es\/wp-json\/wp\/v2\/media?parent=9915"}],"wp:term":[{"taxonomy":"case_study_category","embeddable":true,"href":"https:\/\/www.overit.ai\/es\/wp-json\/wp\/v2\/case_study_category?post=9915"}],"curies":[{"name":"wp","href":"https:\/\/api.w.org\/{rel}","templated":true}]}}